{"id":531,"date":"2026-02-23T19:45:18","date_gmt":"2026-02-23T19:45:18","guid":{"rendered":"https:\/\/collectiflerevers.fr\/?page_id=531"},"modified":"2026-03-17T17:54:24","modified_gmt":"2026-03-17T17:54:24","slug":"ce-programme-est-il-solidaire","status":"publish","type":"page","link":"https:\/\/collectiflerevers.fr\/?page_id=531","title":{"rendered":"Ce programme est il solidaire ?"},"content":{"rendered":"\t\t<div data-elementor-type=\"wp-page\" data-elementor-id=\"531\" class=\"elementor elementor-531\">\n\t\t\t\t<div class=\"elementor-element elementor-element-7a366eb e-flex e-con-boxed e-con e-parent\" data-id=\"7a366eb\" data-element_type=\"container\">\n\t\t\t\t\t<div class=\"e-con-inner\">\n\t\t\t\t<div class=\"elementor-element elementor-element-e7080ad elementor-widget elementor-widget-heading\" data-id=\"e7080ad\" data-element_type=\"widget\" data-widget_type=\"heading.default\">\n\t\t\t\t\t<h4 class=\"elementor-heading-title elementor-size-default\">Ce programme est il solidaire ?<\/h4>\t\t\t\t<\/div>\n\t\t\t\t\t<\/div>\n\t\t\t\t<\/div>\n\t\t<div class=\"elementor-element elementor-element-93842f9 e-flex e-con-boxed e-con e-parent\" data-id=\"93842f9\" data-element_type=\"container\">\n\t\t\t\t\t<div class=\"e-con-inner\">\n\t\t\t\t<div class=\"elementor-element elementor-element-b0c7f1f elementor-widget elementor-widget-spacer\" data-id=\"b0c7f1f\" data-element_type=\"widget\" data-widget_type=\"spacer.default\">\n\t\t\t\t\t\t\t<div class=\"elementor-spacer\">\n\t\t\t<div class=\"elementor-spacer-inner\"><\/div>\n\t\t<\/div>\n\t\t\t\t\t\t<\/div>\n\t\t\t\t\t<\/div>\n\t\t\t\t<\/div>\n\t\t<div class=\"elementor-element elementor-element-a02f373 e-flex e-con-boxed e-con e-parent\" data-id=\"a02f373\" data-element_type=\"container\">\n\t\t\t\t\t<div class=\"e-con-inner\">\n\t\t<div class=\"elementor-element elementor-element-f8eed34 e-con-full e-flex e-con e-child\" data-id=\"f8eed34\" data-element_type=\"container\">\n\t\t\t\t<div class=\"elementor-element elementor-element-d55e793 elementor-widget elementor-widget-heading\" data-id=\"d55e793\" data-element_type=\"widget\" data-widget_type=\"heading.default\">\n\t\t\t\t\t<h3 class=\"elementor-heading-title elementor-size-default\">Notre m\u00e9thode : le Solidarit\u00e9 Score <\/h3>\t\t\t\t<\/div>\n\t\t\t\t<\/div>\n\t\t\t\t\t<\/div>\n\t\t\t\t<\/div>\n\t\t<div class=\"elementor-element elementor-element-f155d79 e-flex e-con-boxed e-con e-parent\" data-id=\"f155d79\" data-element_type=\"container\">\n\t\t\t\t\t<div class=\"e-con-inner\">\n\t\t\t\t<div class=\"elementor-element elementor-element-52b7ce5 elementor-widget elementor-widget-spacer\" data-id=\"52b7ce5\" data-element_type=\"widget\" data-widget_type=\"spacer.default\">\n\t\t\t\t\t\t\t<div class=\"elementor-spacer\">\n\t\t\t<div class=\"elementor-spacer-inner\"><\/div>\n\t\t<\/div>\n\t\t\t\t\t\t<\/div>\n\t\t\t\t\t<\/div>\n\t\t\t\t<\/div>\n\t\t<div class=\"elementor-element elementor-element-13bf8bc e-flex e-con-boxed e-con e-parent\" data-id=\"13bf8bc\" data-element_type=\"container\">\n\t\t\t\t\t<div class=\"e-con-inner\">\n\t\t<div class=\"elementor-element elementor-element-b6089a6 e-con-full e-flex e-con e-child\" data-id=\"b6089a6\" data-element_type=\"container\">\n\t\t\t\t<div class=\"elementor-element elementor-element-e2683ee elementor-widget__width-inherit elementor-widget elementor-widget-text-editor\" data-id=\"e2683ee\" data-element_type=\"widget\" data-widget_type=\"text-editor.default\">\n\t\t\t\t\t\t\t\t\t<p><b>Nous avons analys\u00e9 les programmes<\/b> des candidat\u00b7es \u00e0 la mairie de Paris \u00e0 partir des 12 axes de notre Plan de prise en charge des personnes sans domicile. Le collectif ne favorise aucun parti ou candidat.e.\u00a0<\/p><p><b><u>Le Solidarit\u00e9 Score n&rsquo;est pas partisan<\/u><\/b>, il repose sur les engagements formalis\u00e9s dans les programmes des candidat\u00b7es, sur leurs engagements pris publiquement et devant les membres du collectif Le Revers et \u00e9value leur politique de prise en charge des personnes sans-domicile et marginalis\u00e9es.<\/p>\t\t\t\t\t\t\t\t<\/div>\n\t\t\t\t<\/div>\n\t\t<div class=\"elementor-element elementor-element-dbf6be7 e-con-full e-flex e-con e-child\" data-id=\"dbf6be7\" data-element_type=\"container\">\n\t\t\t\t<div class=\"elementor-element elementor-element-4a29650 elementor-widget elementor-widget-image\" data-id=\"4a29650\" data-element_type=\"widget\" data-widget_type=\"image.default\">\n\t\t\t\t\t\t\t\t\t\t\t\t\t\t\t<img fetchpriority=\"high\" decoding=\"async\" width=\"768\" height=\"461\" src=\"https:\/\/collectiflerevers.fr\/wp-content\/uploads\/2026\/03\/Ce-programme-est-il-solidaire-1-768x461.png\" class=\"attachment-medium_large size-medium_large wp-image-553\" alt=\"\" srcset=\"https:\/\/collectiflerevers.fr\/wp-content\/uploads\/2026\/03\/Ce-programme-est-il-solidaire-1-768x461.png 768w, https:\/\/collectiflerevers.fr\/wp-content\/uploads\/2026\/03\/Ce-programme-est-il-solidaire-1-300x180.png 300w, https:\/\/collectiflerevers.fr\/wp-content\/uploads\/2026\/03\/Ce-programme-est-il-solidaire-1-1024x614.png 1024w, https:\/\/collectiflerevers.fr\/wp-content\/uploads\/2026\/03\/Ce-programme-est-il-solidaire-1-1536x922.png 1536w, https:\/\/collectiflerevers.fr\/wp-content\/uploads\/2026\/03\/Ce-programme-est-il-solidaire-1.png 2000w\" sizes=\"(max-width: 768px) 100vw, 768px\" \/>\t\t\t\t\t\t\t\t\t\t\t\t\t\t\t<\/div>\n\t\t\t\t<\/div>\n\t\t\t\t\t<\/div>\n\t\t\t\t<\/div>\n\t\t<div class=\"elementor-element elementor-element-cd678e9 e-con-full e-flex e-con e-parent\" data-id=\"cd678e9\" data-element_type=\"container\">\n\t\t\t\t<div class=\"elementor-element elementor-element-32761fc elementor-widget elementor-widget-spacer\" data-id=\"32761fc\" data-element_type=\"widget\" data-widget_type=\"spacer.default\">\n\t\t\t\t\t\t\t<div class=\"elementor-spacer\">\n\t\t\t<div class=\"elementor-spacer-inner\"><\/div>\n\t\t<\/div>\n\t\t\t\t\t\t<\/div>\n\t\t\t\t<div class=\"elementor-element elementor-element-d17f6cd elementor-widget__width-inherit elementor-widget-mobile__width-initial elementor-widget elementor-widget-text-editor\" data-id=\"d17f6cd\" data-element_type=\"widget\" data-widget_type=\"text-editor.default\">\n\t\t\t\t\t\t\t\t\t<p><b><u>Chaque recommandation a \u00e9t\u00e9 \u00e9valu\u00e9e selon quatre niveaux :<\/u><\/b><\/p><p><img decoding=\"async\" class=\"emoji\" role=\"img\" draggable=\"false\" src=\"https:\/\/s.w.org\/images\/core\/emoji\/17.0.2\/svg\/2705.svg\" alt=\"\u2705\" \/> Engagement clair dans le programme<br \/><img decoding=\"async\" class=\"emoji\" role=\"img\" draggable=\"false\" src=\"https:\/\/s.w.org\/images\/core\/emoji\/17.0.2\/svg\/1f7f0.svg\" alt=\"\ud83d\udff0\" \/> Engagement partiel<br \/><img decoding=\"async\" class=\"emoji\" role=\"img\" draggable=\"false\" src=\"https:\/\/s.w.org\/images\/core\/emoji\/17.0.2\/svg\/2753.svg\" alt=\"\u2753\" \/> Position impr\u00e9cise<br \/><img decoding=\"async\" class=\"emoji\" role=\"img\" draggable=\"false\" src=\"https:\/\/s.w.org\/images\/core\/emoji\/17.0.2\/svg\/274c.svg\" alt=\"\u274c\" \/> Absence ou position contraire<br \/>Poison : dangereux et mortif\u00e8re<\/p><p><b>Ces notations ont \u00e9t\u00e9 converties en un score chiffr\u00e9, puis en un classement lisible de type A \u00e0 E<br \/><\/b>Bar\u00e8me Mode de calcul :<\/p><p>A \u2265 2,5 <img decoding=\"async\" class=\"emoji\" role=\"img\" draggable=\"false\" src=\"https:\/\/s.w.org\/images\/core\/emoji\/17.0.2\/svg\/2705.svg\" alt=\"\u2705\" \/> 3 points<br \/>B \u2265 2,0 <img decoding=\"async\" class=\"emoji\" role=\"img\" draggable=\"false\" src=\"https:\/\/s.w.org\/images\/core\/emoji\/17.0.2\/svg\/1f7f0.svg\" alt=\"\ud83d\udff0\" \/> 2 points<br \/>C \u2265 1,5 <img decoding=\"async\" class=\"emoji\" role=\"img\" draggable=\"false\" src=\"https:\/\/s.w.org\/images\/core\/emoji\/17.0.2\/svg\/2753.svg\" alt=\"\u2753\" \/>1 point<br \/>D \u2265 1,0 <img decoding=\"async\" class=\"emoji\" role=\"img\" draggable=\"false\" src=\"https:\/\/s.w.org\/images\/core\/emoji\/17.0.2\/svg\/274c.svg\" alt=\"\u274c\" \/> 0 point<br \/>E &lt; 1,0<\/p>\t\t\t\t\t\t\t\t<\/div>\n\t\t\t\t<\/div>\n\t\t<div class=\"elementor-element elementor-element-aeb2a8d e-flex e-con-boxed e-con e-parent\" data-id=\"aeb2a8d\" data-element_type=\"container\">\n\t\t\t\t\t<div class=\"e-con-inner\">\n\t\t\t\t<div class=\"elementor-element elementor-element-56983c2 elementor-widget elementor-widget-image\" data-id=\"56983c2\" data-element_type=\"widget\" data-widget_type=\"image.default\">\n\t\t\t\t\t\t\t\t\t\t\t\t\t\t\t<img decoding=\"async\" width=\"656\" height=\"1002\" src=\"https:\/\/collectiflerevers.fr\/wp-content\/uploads\/2026\/03\/\ud83d\udfe2-A-1.png\" class=\"attachment-large size-large wp-image-616\" alt=\"\" srcset=\"https:\/\/collectiflerevers.fr\/wp-content\/uploads\/2026\/03\/\ud83d\udfe2-A-1.png 656w, https:\/\/collectiflerevers.fr\/wp-content\/uploads\/2026\/03\/\ud83d\udfe2-A-1-196x300.png 196w\" sizes=\"(max-width: 656px) 100vw, 656px\" \/>\t\t\t\t\t\t\t\t\t\t\t\t\t\t\t<\/div>\n\t\t\t\t\t<\/div>\n\t\t\t\t<\/div>\n\t\t<div class=\"elementor-element elementor-element-4fe2a38 e-flex e-con-boxed e-con e-parent\" data-id=\"4fe2a38\" data-element_type=\"container\">\n\t\t\t\t\t<div class=\"e-con-inner\">\n\t\t\t\t<div class=\"elementor-element elementor-element-a2f9621 elementor-widget elementor-widget-spacer\" data-id=\"a2f9621\" data-element_type=\"widget\" data-widget_type=\"spacer.default\">\n\t\t\t\t\t\t\t<div class=\"elementor-spacer\">\n\t\t\t<div class=\"elementor-spacer-inner\"><\/div>\n\t\t<\/div>\n\t\t\t\t\t\t<\/div>\n\t\t\t\t<div class=\"elementor-element elementor-element-b2d1f4f elementor-widget elementor-widget-heading\" data-id=\"b2d1f4f\" data-element_type=\"widget\" data-widget_type=\"heading.default\">\n\t\t\t\t\t<h3 class=\"elementor-heading-title elementor-size-default\">Le r\u00e9sultat par candidats :<\/h3>\t\t\t\t<\/div>\n\t\t\t\t\t<\/div>\n\t\t\t\t<\/div>\n\t\t<div class=\"elementor-element elementor-element-9d2f655 e-flex e-con-boxed e-con e-parent\" data-id=\"9d2f655\" data-element_type=\"container\">\n\t\t\t\t\t<div class=\"e-con-inner\">\n\t\t\t\t<div class=\"elementor-element elementor-element-caa708c elementor-widget elementor-widget-spacer\" data-id=\"caa708c\" data-element_type=\"widget\" data-widget_type=\"spacer.default\">\n\t\t\t\t\t\t\t<div class=\"elementor-spacer\">\n\t\t\t<div class=\"elementor-spacer-inner\"><\/div>\n\t\t<\/div>\n\t\t\t\t\t\t<\/div>\n\t\t\t\t<div class=\"elementor-element elementor-element-93f6517 elementor-widget elementor-widget-image\" data-id=\"93f6517\" data-element_type=\"widget\" data-widget_type=\"image.default\">\n\t\t\t\t\t\t\t\t\t\t\t\t\t\t\t<img decoding=\"async\" width=\"768\" height=\"239\" src=\"https:\/\/collectiflerevers.fr\/wp-content\/uploads\/2026\/03\/Ce-programme-est-il-solidaire-14-768x239.png\" class=\"attachment-medium_large size-medium_large wp-image-647\" alt=\"\" srcset=\"https:\/\/collectiflerevers.fr\/wp-content\/uploads\/2026\/03\/Ce-programme-est-il-solidaire-14-768x239.png 768w, https:\/\/collectiflerevers.fr\/wp-content\/uploads\/2026\/03\/Ce-programme-est-il-solidaire-14-300x93.png 300w, https:\/\/collectiflerevers.fr\/wp-content\/uploads\/2026\/03\/Ce-programme-est-il-solidaire-14-1024x318.png 1024w, https:\/\/collectiflerevers.fr\/wp-content\/uploads\/2026\/03\/Ce-programme-est-il-solidaire-14-1536x478.png 1536w, https:\/\/collectiflerevers.fr\/wp-content\/uploads\/2026\/03\/Ce-programme-est-il-solidaire-14.png 2000w\" sizes=\"(max-width: 768px) 100vw, 768px\" \/>\t\t\t\t\t\t\t\t\t\t\t\t\t\t\t<\/div>\n\t\t\t\t<div class=\"elementor-element elementor-element-4b70bca elementor-widget elementor-widget-text-editor\" data-id=\"4b70bca\" data-element_type=\"widget\" data-widget_type=\"text-editor.default\">\n\t\t\t\t\t\t\t\t\t<p><strong>Sophia Chikirou obtient un \u201cSolidarit\u00e9 &#8211; score\u201d A avec la note de 2,54 \/ 3 selon le bar\u00e8me \u00e9tabli.<\/strong><\/p><p>Sophia Chikirou a confirm\u00e9 publiquement son intention d\u2019appliquer l\u2019ensemble des recommandations du Plan de prise en charge des personnes sans domicile publi\u00e9 par le Revers, ainsi que le budget de 110 millions pr\u00e9vu pour sa mise en \u0153uvre.<br \/>Son programme reprend plusieurs mesures cl\u00e9s de ce plan, notamment la cr\u00e9ation d\u2019un centre de premier accueil des personnes exil\u00e9es arrivant \u00e0 Paris (R2) et la reconnaissance de la pr\u00e9somption de minorit\u00e9 pour les mineur\u00b7es non-accompagn\u00e9\u00b7es demandant une prise en charge \u00e0 Paris (R3). Elle adopte une ligne volontariste en mati\u00e8re d\u2019h\u00e9bergement d\u2019urgence, appelant \u00e0 la r\u00e9quisition des logements vacants et \u00e0 l\u2019engagement de la responsabilit\u00e9 de l\u2019\u00c9tat en cas de carence (R1).<br \/>Elle propose \u00e9galement de d\u00e9clarer un \u00e9tat d\u2019urgence humanitaire afin de garantir l\u2019acc\u00e8s inconditionnel \u00e0 l\u2019ensemble des dispositifs sociaux parisiens (R8 et 10). Cette d\u00e9marche vise \u00e0 renforcer la prise en charge de publics particuli\u00e8rement vuln\u00e9rables, parmi lesquels les personnes exil\u00e9es (R2), les mineur\u00b7es non-accompagn\u00e9\u00b7es (R3), les usager\u00b7es de drogue (R7), les femmes, les familles \u00e0 la rue et plus largement toutes les personnes sans domicile. <br \/>Elle souhaite en parall\u00e8le d\u00e9velopper des dispositifs de sant\u00e9 plus accessibles, notamment dans le domaine de la sant\u00e9 mentale (R6), et renforcer l\u2019interpr\u00e9tariat pour am\u00e9liorer l\u2019accompagnement (R8). <br \/>Enfin, elle soutient les initiatives de d\u00e9sob\u00e9issance civile, notamment en mati\u00e8re de prise en charge des personnes usag\u00e8res de drogues dans le cadre d\u2019une politique de r\u00e9duction des risques (R7) et affirme vouloir conduire un mandat mobilisant \u00e9lu\u00b7es et citoyen\u00b7nes face \u00e0 l\u2019inaction de l\u2019\u00c9tat en mati\u00e8re de prise en charge sociale (R12).<br \/>Certaines modalit\u00e9s de mise en \u0153uvre du plan restent toutefois \u00e0 pr\u00e9ciser dans son programme, notamment concernant l\u2019organisation et le financement p\u00e9renne de certains dispositifs municipaux et leur articulation avec les comp\u00e9tences de l\u2019\u00c9tat.<\/p>\t\t\t\t\t\t\t\t<\/div>\n\t\t\t\t<div class=\"elementor-element elementor-element-a9a8d75 elementor-widget elementor-widget-spacer\" data-id=\"a9a8d75\" data-element_type=\"widget\" data-widget_type=\"spacer.default\">\n\t\t\t\t\t\t\t<div class=\"elementor-spacer\">\n\t\t\t<div class=\"elementor-spacer-inner\"><\/div>\n\t\t<\/div>\n\t\t\t\t\t\t<\/div>\n\t\t\t\t<div class=\"elementor-element elementor-element-1e6a4ab elementor-widget elementor-widget-spacer\" data-id=\"1e6a4ab\" data-element_type=\"widget\" data-widget_type=\"spacer.default\">\n\t\t\t\t\t\t\t<div class=\"elementor-spacer\">\n\t\t\t<div class=\"elementor-spacer-inner\"><\/div>\n\t\t<\/div>\n\t\t\t\t\t\t<\/div>\n\t\t\t\t<div class=\"elementor-element elementor-element-03bab54 elementor-widget elementor-widget-image\" data-id=\"03bab54\" data-element_type=\"widget\" data-widget_type=\"image.default\">\n\t\t\t\t\t\t\t\t\t\t\t\t\t\t\t<img loading=\"lazy\" decoding=\"async\" width=\"768\" height=\"244\" src=\"https:\/\/collectiflerevers.fr\/wp-content\/uploads\/2026\/03\/Ce-programme-est-il-solidaire-15-768x244.png\" class=\"attachment-medium_large size-medium_large wp-image-649\" alt=\"\" srcset=\"https:\/\/collectiflerevers.fr\/wp-content\/uploads\/2026\/03\/Ce-programme-est-il-solidaire-15-768x244.png 768w, https:\/\/collectiflerevers.fr\/wp-content\/uploads\/2026\/03\/Ce-programme-est-il-solidaire-15-300x95.png 300w, https:\/\/collectiflerevers.fr\/wp-content\/uploads\/2026\/03\/Ce-programme-est-il-solidaire-15-1024x326.png 1024w, https:\/\/collectiflerevers.fr\/wp-content\/uploads\/2026\/03\/Ce-programme-est-il-solidaire-15-1536x488.png 1536w, https:\/\/collectiflerevers.fr\/wp-content\/uploads\/2026\/03\/Ce-programme-est-il-solidaire-15.png 2000w\" sizes=\"(max-width: 768px) 100vw, 768px\" \/>\t\t\t\t\t\t\t\t\t\t\t\t\t\t\t<\/div>\n\t\t\t\t<div class=\"elementor-element elementor-element-a2e88e5 elementor-widget elementor-widget-spacer\" data-id=\"a2e88e5\" data-element_type=\"widget\" data-widget_type=\"spacer.default\">\n\t\t\t\t\t\t\t<div class=\"elementor-spacer\">\n\t\t\t<div class=\"elementor-spacer-inner\"><\/div>\n\t\t<\/div>\n\t\t\t\t\t\t<\/div>\n\t\t\t\t<div class=\"elementor-element elementor-element-10b8101 elementor-widget elementor-widget-text-editor\" data-id=\"10b8101\" data-element_type=\"widget\" data-widget_type=\"text-editor.default\">\n\t\t\t\t\t\t\t\t\t<p><strong>Emmanuel Gr\u00e9goire obtient un \u201cSolidarit\u00e9 &#8211; score\u201d B avec la note de 2,32 \/ 3 selon le bar\u00e8me \u00e9tabli.<\/strong><br \/>Emmanuel Gr\u00e9goire s\u2019est engag\u00e9 \u00e0 mettre en \u0153uvre un plan \u00ab z\u00e9ro enfant \u00e0 la rue \u00bb, incluant l\u2019h\u00e9bergement d\u2019urgence des mineur\u00b7es non-accompagn\u00e9\u00b7es en recours (R3), le relogement des familles en rue (R1 et 11), l\u2019objectif d\u2019atteindre 40 % de logements sociaux (R11), ainsi que la cr\u00e9ation d\u2019un centre de premier accueil des personnes exil\u00e9es arrivant \u00e0 Paris (R2) et de 4 000 places d\u2019h\u00e9bergement suppl\u00e9mentaires (R1).<br \/>Son programme s\u2019inscrit dans une approche institutionnelle visant \u00e0 renforcer les dispositifs municipaux existants et \u00e0 responsabiliser davantage l\u2019\u00c9tat dans la prise en charge de l\u2019h\u00e9bergement d\u2019urgence (R1). Il soutient notamment le principe des r\u00e9quisitions de b\u00e2timents vacants en cas de carence de l\u2019\u00c9tat (R1) et pr\u00e9voit de renforcer les dispositifs d\u2019acc\u00e8s aux droits et d\u2019accompagnement social pour les personnes en situation de grande pr\u00e9carit\u00e9 (R8).<br \/>Toutefois, certaines recommandations du plan de prise en charge des personnes sans domicile ne sont reprises que partiellement dans son programme. C\u2019est notamment le cas de la pr\u00e9somption de minorit\u00e9 pour les mineur\u00b7es non-accompagn\u00e9\u00b7es demandant une prise en charge \u00e0 Paris (R3), ou de certaines propositions relatives \u00e0 l\u2019inconditionnalit\u00e9 de l\u2019acc\u00e8s aux dispositifs municipaux (R10) et \u00e0 la protection des initiatives solidaires et des personnes concern\u00e9es dans l\u2019espace public (R9 et 12).<br \/>Son programme pr\u00e9voit \u00e9galement le d\u00e9veloppement de plusieurs dispositifs municipaux destin\u00e9s aux personnes sans domicile, notamment des accueils de jour, des bagageries ou des laveries (R10), ainsi que le renforcement des services sociaux et des dispositifs d\u2019acc\u00e8s aux droits (R8). Ces mesures s\u2019inscrivent dans une logique de renforcement et de continuit\u00e9 de l\u2019action municipale du mandat pr\u00e9c\u00e9dent, plut\u00f4t que dans une transformation plus large du cadre de prise en charge d\u00e9fendu par certaines recommandations du plan.<\/p>\t\t\t\t\t\t\t\t<\/div>\n\t\t\t\t<div class=\"elementor-element elementor-element-483ebcd elementor-widget elementor-widget-spacer\" data-id=\"483ebcd\" data-element_type=\"widget\" data-widget_type=\"spacer.default\">\n\t\t\t\t\t\t\t<div class=\"elementor-spacer\">\n\t\t\t<div class=\"elementor-spacer-inner\"><\/div>\n\t\t<\/div>\n\t\t\t\t\t\t<\/div>\n\t\t\t\t<div class=\"elementor-element elementor-element-61d7747 elementor-widget elementor-widget-image\" data-id=\"61d7747\" data-element_type=\"widget\" data-widget_type=\"image.default\">\n\t\t\t\t\t\t\t\t\t\t\t\t\t\t\t<img loading=\"lazy\" decoding=\"async\" width=\"768\" height=\"244\" src=\"https:\/\/collectiflerevers.fr\/wp-content\/uploads\/2026\/03\/Ce-programme-est-il-solidaire-11-768x244.png\" class=\"attachment-medium_large size-medium_large wp-image-596\" alt=\"\" srcset=\"https:\/\/collectiflerevers.fr\/wp-content\/uploads\/2026\/03\/Ce-programme-est-il-solidaire-11-768x244.png 768w, https:\/\/collectiflerevers.fr\/wp-content\/uploads\/2026\/03\/Ce-programme-est-il-solidaire-11-300x95.png 300w, https:\/\/collectiflerevers.fr\/wp-content\/uploads\/2026\/03\/Ce-programme-est-il-solidaire-11-1024x325.png 1024w, https:\/\/collectiflerevers.fr\/wp-content\/uploads\/2026\/03\/Ce-programme-est-il-solidaire-11-1536x488.png 1536w, https:\/\/collectiflerevers.fr\/wp-content\/uploads\/2026\/03\/Ce-programme-est-il-solidaire-11.png 2000w\" sizes=\"(max-width: 768px) 100vw, 768px\" \/>\t\t\t\t\t\t\t\t\t\t\t\t\t\t\t<\/div>\n\t\t\t\t<div class=\"elementor-element elementor-element-b0c9d20 elementor-widget elementor-widget-spacer\" data-id=\"b0c9d20\" data-element_type=\"widget\" data-widget_type=\"spacer.default\">\n\t\t\t\t\t\t\t<div class=\"elementor-spacer\">\n\t\t\t<div class=\"elementor-spacer-inner\"><\/div>\n\t\t<\/div>\n\t\t\t\t\t\t<\/div>\n\t\t\t\t<div class=\"elementor-element elementor-element-af26614 elementor-widget elementor-widget-text-editor\" data-id=\"af26614\" data-element_type=\"widget\" data-widget_type=\"text-editor.default\">\n\t\t\t\t\t\t\t\t\t<p><strong>Pierre Yves Bournazel obtient un \u201cSolidarit\u00e9 &#8211; score\u201d D avec la note de 1,15 \/ 3 selon le bar\u00e8me \u00e9tabli.<\/strong><br \/>Le programme de Pierre-Yves Bournazel reprend plusieurs recommandations du plan de prise en charge des personnes sans domicile, notamment la cr\u00e9ation d\u2019un centre de premier accueil pour les personnes exil\u00e9es (R2), le retrait du mobilier dit \u00ab anti-SDF \u00bb (R9), la garantie d\u2019une \u00e9valuation sociale pr\u00e9alable \u00e0 chaque expulsion d\u2019un lieu de vie en rue (R9) et la mise en place d\u2019un accompagnement global pour les personnes h\u00e9berg\u00e9es \u00e0 l\u2019h\u00f4tel (R1). Il se montre \u00e9galement favorable \u00e0 la cr\u00e9ation d\u2019espaces de dialogue destin\u00e9s \u00e0 mieux former les acteur\u00b7ices municipaux de terrain, notamment la police municipale (R12), et \u00e0 l\u2019organisation d\u2019\u00e9changes entre autorit\u00e9s publiques et associations intervenant aupr\u00e8s des personnes usag\u00e8res de drogues (R7).<br \/>Son programme comporte \u00e9galement plusieurs propositions visant \u00e0 mobiliser davantage le parc priv\u00e9 pour r\u00e9pondre \u00e0 la crise du logement, notamment \u00e0 travers le renforcement de dispositifs incitant les propri\u00e9taires \u00e0 remettre des logements vacants sur le march\u00e9 et \u00e0 participer \u00e0 des dispositifs solidaires de mise \u00e0 disposition de logements (R11). Il met \u00e9galement l\u2019accent sur l\u2019accompagnement vers l\u2019emploi et l\u2019insertion sociale de certaines personnes en situation de grande pr\u00e9carit\u00e9 (R12).<br \/>Cependant, le reste de son programme appara\u00eet insuffisant au regard du plan de prise en charge, en particulier en mati\u00e8re de sant\u00e9 (R6), de logement tr\u00e8s social (R11) et de d\u00e9veloppement de l\u2019h\u00e9bergement d\u2019urgence (R1). Il ne propose pas de dispositif sp\u00e9cifique pour la prise en charge et l\u2019h\u00e9bergement des mineur\u00b7es non-accompagn\u00e9\u00b7es en recours (R3) et ne reprend pas plusieurs de nos recommandations relatives \u00e0 l\u2019inconditionnalit\u00e9 d\u2019acc\u00e8s aux dispositifs sociaux municipaux (R10), au d\u00e9veloppement des services municipaux d\u2019accueil (R10) ou \u00e0 l\u2019acc\u00e8s aux droits (R8). Par ailleurs, il a exprim\u00e9 sa volont\u00e9 de s\u2019inscrire dans la continuit\u00e9 des op\u00e9rations de r\u00e9gulation de l\u2019espace public mises en \u0153uvre \u00e0 l\u2019occasion des Jeux Olympiques et Paralympiques de 2024, avec un renforcement des moyens de la police municipale dans la gestion des situations de grande pr\u00e9carit\u00e9 (R9).<\/p>\t\t\t\t\t\t\t\t<\/div>\n\t\t\t\t<div class=\"elementor-element elementor-element-07df4ee elementor-widget elementor-widget-spacer\" data-id=\"07df4ee\" data-element_type=\"widget\" data-widget_type=\"spacer.default\">\n\t\t\t\t\t\t\t<div class=\"elementor-spacer\">\n\t\t\t<div class=\"elementor-spacer-inner\"><\/div>\n\t\t<\/div>\n\t\t\t\t\t\t<\/div>\n\t\t\t\t\t<\/div>\n\t\t\t\t<\/div>\n\t\t<div class=\"elementor-element elementor-element-bc7ab1e e-flex e-con-boxed e-con e-parent\" data-id=\"bc7ab1e\" data-element_type=\"container\">\n\t\t\t\t\t<div class=\"e-con-inner\">\n\t\t\t\t<div class=\"elementor-element elementor-element-d5c7b77 elementor-widget elementor-widget-image\" data-id=\"d5c7b77\" data-element_type=\"widget\" data-widget_type=\"image.default\">\n\t\t\t\t\t\t\t\t\t\t\t\t\t\t\t<img loading=\"lazy\" decoding=\"async\" width=\"768\" height=\"242\" src=\"https:\/\/collectiflerevers.fr\/wp-content\/uploads\/2026\/03\/Ce-programme-est-il-solidaire-17-768x242.png\" class=\"attachment-medium_large size-medium_large wp-image-655\" alt=\"\" srcset=\"https:\/\/collectiflerevers.fr\/wp-content\/uploads\/2026\/03\/Ce-programme-est-il-solidaire-17-768x242.png 768w, https:\/\/collectiflerevers.fr\/wp-content\/uploads\/2026\/03\/Ce-programme-est-il-solidaire-17-300x94.png 300w, https:\/\/collectiflerevers.fr\/wp-content\/uploads\/2026\/03\/Ce-programme-est-il-solidaire-17-1024x322.png 1024w, https:\/\/collectiflerevers.fr\/wp-content\/uploads\/2026\/03\/Ce-programme-est-il-solidaire-17-1536x483.png 1536w, https:\/\/collectiflerevers.fr\/wp-content\/uploads\/2026\/03\/Ce-programme-est-il-solidaire-17.png 2000w\" sizes=\"(max-width: 768px) 100vw, 768px\" \/>\t\t\t\t\t\t\t\t\t\t\t\t\t\t\t<\/div>\n\t\t\t\t<div class=\"elementor-element elementor-element-9e7a119 elementor-widget elementor-widget-spacer\" data-id=\"9e7a119\" data-element_type=\"widget\" data-widget_type=\"spacer.default\">\n\t\t\t\t\t\t\t<div class=\"elementor-spacer\">\n\t\t\t<div class=\"elementor-spacer-inner\"><\/div>\n\t\t<\/div>\n\t\t\t\t\t\t<\/div>\n\t\t\t\t<div class=\"elementor-element elementor-element-a8e422b elementor-widget elementor-widget-text-editor\" data-id=\"a8e422b\" data-element_type=\"widget\" data-widget_type=\"text-editor.default\">\n\t\t\t\t\t\t\t\t\t<p><strong>Rachida Dati obtient un \u201cSolidarit\u00e9 &#8211; score\u201d E avec la note de 0,10 \/ 3 selon le bar\u00e8me \u00e9tabli.<\/strong><br>Le programme de Rachida Dati ne reprend aucune des recommandations formul\u00e9es dans le plan de prise en charge des personnes sans domicile (R1 \u00e0 12) et s\u2019inscrit dans une orientation de restriction budg\u00e9taire concernant les politiques de solidarit\u00e9. Elle ne pr\u00e9voit pas d\u2019augmenter le parc de logements sociaux \u00e0 Paris (R11) et ne soutient pas le principe d\u2019inconditionnalit\u00e9 d\u2019acc\u00e8s aux dispositifs sociaux (R10).<br>Son discours public se montre tr\u00e8s hostile \u00e0 l\u2019\u00e9gard des politiques d\u2019accueil des personnes exil\u00e9es (R2), avec des amalgames r\u00e9p\u00e9t\u00e9s entre immigration, ins\u00e9curit\u00e9 et occupation de l\u2019espace public. Dans les \u00e9l\u00e9ments programmatiques disponibles, aucun axe structurant n\u2019est identifi\u00e9 en mati\u00e8re d\u2019acc\u00e8s aux droits (R8), d\u2019h\u00e9bergement (R1) ou d\u2019accompagnement social pour les personnes sans domicile ou en situation de grande pr\u00e9carit\u00e9.<br>L\u2019absence d\u2019une politique municipale structur\u00e9e d\u2019accueil digne et inconditionnel appara\u00eet en contradiction directe avec les recommandations du plan de prise en charge port\u00e9 par le collectif, qui visent \u00e0 renforcer l\u2019acc\u00e8s aux droits (R8), \u00e0 l\u2019h\u00e9bergement (R1), au logement (R11) et aux services essentiels pour les personnes sans domicile (R10).<br>Elle ne propose par ailleurs aucune strat\u00e9gie globale de sant\u00e9 destin\u00e9e aux personnes sans domicile (R6) et rejette une approche de r\u00e9duction des risques pour les personnes usag\u00e8res de drogues (R7). Dans l\u2019ensemble, son programme privil\u00e9gie une logique de r\u00e9gulation s\u00e9curitaire de l\u2019espace public plut\u00f4t qu\u2019une politique sociale structur\u00e9e de prise en charge de la grande pr\u00e9carit\u00e9 (R9).<\/p>\t\t\t\t\t\t\t\t<\/div>\n\t\t\t\t<div class=\"elementor-element elementor-element-2d4108e elementor-widget elementor-widget-spacer\" data-id=\"2d4108e\" data-element_type=\"widget\" data-widget_type=\"spacer.default\">\n\t\t\t\t\t\t\t<div class=\"elementor-spacer\">\n\t\t\t<div class=\"elementor-spacer-inner\"><\/div>\n\t\t<\/div>\n\t\t\t\t\t\t<\/div>\n\t\t\t\t\t<\/div>\n\t\t\t\t<\/div>\n\t\t<div class=\"elementor-element elementor-element-8315c74 e-flex e-con-boxed e-con e-parent\" data-id=\"8315c74\" data-element_type=\"container\">\n\t\t\t\t\t<div class=\"e-con-inner\">\n\t\t\t\t<div class=\"elementor-element elementor-element-e81ce15 elementor-widget elementor-widget-spacer\" data-id=\"e81ce15\" data-element_type=\"widget\" data-widget_type=\"spacer.default\">\n\t\t\t\t\t\t\t<div class=\"elementor-spacer\">\n\t\t\t<div class=\"elementor-spacer-inner\"><\/div>\n\t\t<\/div>\n\t\t\t\t\t\t<\/div>\n\t\t\t\t<div class=\"elementor-element elementor-element-65cec27 elementor-widget elementor-widget-image\" data-id=\"65cec27\" data-element_type=\"widget\" data-widget_type=\"image.default\">\n\t\t\t\t\t\t\t\t\t\t\t\t\t\t\t<img loading=\"lazy\" decoding=\"async\" width=\"768\" height=\"361\" src=\"https:\/\/collectiflerevers.fr\/wp-content\/uploads\/2026\/03\/Ce-programme-est-il-solidaire-12-768x361.png\" class=\"attachment-medium_large size-medium_large wp-image-601\" alt=\"\" srcset=\"https:\/\/collectiflerevers.fr\/wp-content\/uploads\/2026\/03\/Ce-programme-est-il-solidaire-12-768x361.png 768w, https:\/\/collectiflerevers.fr\/wp-content\/uploads\/2026\/03\/Ce-programme-est-il-solidaire-12-300x141.png 300w, https:\/\/collectiflerevers.fr\/wp-content\/uploads\/2026\/03\/Ce-programme-est-il-solidaire-12-1024x481.png 1024w, https:\/\/collectiflerevers.fr\/wp-content\/uploads\/2026\/03\/Ce-programme-est-il-solidaire-12-1536x722.png 1536w, https:\/\/collectiflerevers.fr\/wp-content\/uploads\/2026\/03\/Ce-programme-est-il-solidaire-12.png 2000w\" sizes=\"(max-width: 768px) 100vw, 768px\" \/>\t\t\t\t\t\t\t\t\t\t\t\t\t\t\t<\/div>\n\t\t\t\t<div class=\"elementor-element elementor-element-3c1b1b3 elementor-widget elementor-widget-spacer\" data-id=\"3c1b1b3\" data-element_type=\"widget\" data-widget_type=\"spacer.default\">\n\t\t\t\t\t\t\t<div class=\"elementor-spacer\">\n\t\t\t<div class=\"elementor-spacer-inner\"><\/div>\n\t\t<\/div>\n\t\t\t\t\t\t<\/div>\n\t\t\t\t\t<\/div>\n\t\t\t\t<\/div>\n\t\t<div class=\"elementor-element elementor-element-256a2fa e-flex e-con-boxed e-con e-parent\" data-id=\"256a2fa\" data-element_type=\"container\">\n\t\t\t\t\t<div class=\"e-con-inner\">\n\t\t\t\t<div class=\"elementor-element elementor-element-1d182bd elementor-widget elementor-widget-text-editor\" data-id=\"1d182bd\" data-element_type=\"widget\" data-widget_type=\"text-editor.default\">\n\t\t\t\t\t\t\t\t\t<p><strong>Extr\u00eame droite : Sarah Knafo et Thierry Mariani<\/strong><br \/>Les programmes port\u00e9s \u00e0 Paris par les formations d\u2019extr\u00eame droite s\u2019inscrivent dans une logique profond\u00e9ment hostile aux politiques de solidarit\u00e9 et d\u2019accueil inconditionnel d\u00e9fendues par le collectif. Ils ne reprennent aucune des recommandations formul\u00e9es dans le plan de prise en charge des personnes sans domicile et privil\u00e9gient au contraire une approche centr\u00e9e sur les questions identitaires, s\u00e9curitaires et la r\u00e9gulation coercitive de l\u2019espace public.<br \/>\u00c0 Paris comme ailleurs, ces forces politiques ciblent r\u00e9guli\u00e8rement les associations de solidarit\u00e9, les dispositifs d\u2019aide aux personnes exil\u00e9es et les initiatives citoyennes venant en aide aux personnes sans domicile. Plusieurs de leurs responsables et militant\u00b7es ont multipli\u00e9 les attaques publiques, intimidations et campagnes de stigmatisation \u00e0 l\u2019encontre des acteur\u00b7ices associatif\u00b7ves et des personnes sans domicile.<br \/>Leurs propositions s\u2019accompagnent par ailleurs d\u2019une volont\u00e9 affich\u00e9e de r\u00e9duire les financements publics destin\u00e9s aux associations et aux politiques sociales. Une telle orientation fragiliserait directement les dispositifs d\u2019accueil, d\u2019accompagnement social, d\u2019acc\u00e8s aux droits et de sant\u00e9 qui permettent aujourd\u2019hui \u00e0 des milliers de personnes sans domicile de survivre \u00e0 Paris.<br \/><strong>Au regard des recommandations formul\u00e9es dans le plan de prise en charge des personnes sans domicile, le collectif Le Revers consid\u00e8re que ces orientations constituent une menace grave pour les droits, la dignit\u00e9 et la s\u00e9curit\u00e9 des personnes sans domicile<\/strong><\/p>\t\t\t\t\t\t\t\t<\/div>\n\t\t\t\t\t<\/div>\n\t\t\t\t<\/div>\n\t\t<div class=\"elementor-element elementor-element-cdc9009 e-flex e-con-boxed e-con e-parent\" data-id=\"cdc9009\" data-element_type=\"container\">\n\t\t\t\t\t<div class=\"e-con-inner\">\n\t\t\t\t<div class=\"elementor-element elementor-element-0745300 elementor-widget-divider--view-line elementor-widget elementor-widget-divider\" data-id=\"0745300\" data-element_type=\"widget\" data-widget_type=\"divider.default\">\n\t\t\t\t\t\t\t<div class=\"elementor-divider\">\n\t\t\t<span class=\"elementor-divider-separator\">\n\t\t\t\t\t\t<\/span>\n\t\t<\/div>\n\t\t\t\t\t\t<\/div>\n\t\t\t\t\t<\/div>\n\t\t\t\t<\/div>\n\t\t<div class=\"elementor-element elementor-element-19880e4 e-flex e-con-boxed e-con e-parent\" data-id=\"19880e4\" data-element_type=\"container\">\n\t\t\t\t\t<div class=\"e-con-inner\">\n\t\t\t\t<div class=\"elementor-element elementor-element-c2df3ed elementor-widget elementor-widget-text-editor\" data-id=\"c2df3ed\" data-element_type=\"widget\" data-widget_type=\"text-editor.default\">\n\t\t\t\t\t\t\t\t\t<p><strong>\u2193 Pour retrouver le bar\u00e8me en d\u00e9tails (recommandation par recommandation) \u2193<\/strong><\/p>\t\t\t\t\t\t\t\t<\/div>\n\t\t\t\t<div class=\"elementor-element elementor-element-765854d elementor-align-center elementor-widget elementor-widget-button\" data-id=\"765854d\" data-element_type=\"widget\" data-widget_type=\"button.default\">\n\t\t\t\t\t\t\t\t\t\t<a class=\"elementor-button elementor-button-link elementor-size-sm\" href=\"https:\/\/docs.google.com\/spreadsheets\/d\/1Gc0p5efv8PeY3_izaUl-btSvu_dkaEdASCwyh3nF_CQ\/edit?usp=sharing\">\n\t\t\t\t\t\t<span class=\"elementor-button-content-wrapper\">\n\t\t\t\t\t\t\t\t\t<span class=\"elementor-button-text\">Cliquez ici<\/span>\n\t\t\t\t\t<\/span>\n\t\t\t\t\t<\/a>\n\t\t\t\t\t\t\t\t<\/div>\n\t\t\t\t\t<\/div>\n\t\t\t\t<\/div>\n\t\t<div class=\"elementor-element elementor-element-57bc644 e-flex e-con-boxed e-con e-parent\" data-id=\"57bc644\" data-element_type=\"container\">\n\t\t\t\t\t<div class=\"e-con-inner\">\n\t\t\t\t<div class=\"elementor-element elementor-element-c7e43d3 elementor-widget-divider--view-line elementor-widget elementor-widget-divider\" data-id=\"c7e43d3\" data-element_type=\"widget\" data-widget_type=\"divider.default\">\n\t\t\t\t\t\t\t<div class=\"elementor-divider\">\n\t\t\t<span class=\"elementor-divider-separator\">\n\t\t\t\t\t\t<\/span>\n\t\t<\/div>\n\t\t\t\t\t\t<\/div>\n\t\t\t\t\t<\/div>\n\t\t\t\t<\/div>\n\t\t\t\t<\/div>\n\t\t","protected":false},"excerpt":{"rendered":"<p>Ce programme est il solidaire ? Notre m\u00e9thode : le Solidarit\u00e9 Score Nous avons analys\u00e9 les programmes des candidat\u00b7es \u00e0 la mairie de Paris \u00e0 partir des 12 axes de notre Plan de prise en charge des personnes sans domicile. Le collectif ne favorise aucun parti ou candidat.e.\u00a0 Le Solidarit\u00e9 Score n&rsquo;est pas partisan, il [&hellip;]<\/p>\n","protected":false},"author":1,"featured_media":0,"parent":0,"menu_order":0,"comment_status":"closed","ping_status":"closed","template":"","meta":{"footnotes":""},"class_list":["post-531","page","type-page","status-publish","hentry"],"_links":{"self":[{"href":"https:\/\/collectiflerevers.fr\/index.php?rest_route=\/wp\/v2\/pages\/531","targetHints":{"allow":["GET"]}}],"collection":[{"href":"https:\/\/collectiflerevers.fr\/index.php?rest_route=\/wp\/v2\/pages"}],"about":[{"href":"https:\/\/collectiflerevers.fr\/index.php?rest_route=\/wp\/v2\/types\/page"}],"author":[{"embeddable":true,"href":"https:\/\/collectiflerevers.fr\/index.php?rest_route=\/wp\/v2\/users\/1"}],"replies":[{"embeddable":true,"href":"https:\/\/collectiflerevers.fr\/index.php?rest_route=%2Fwp%2Fv2%2Fcomments&post=531"}],"version-history":[{"count":67,"href":"https:\/\/collectiflerevers.fr\/index.php?rest_route=\/wp\/v2\/pages\/531\/revisions"}],"predecessor-version":[{"id":658,"href":"https:\/\/collectiflerevers.fr\/index.php?rest_route=\/wp\/v2\/pages\/531\/revisions\/658"}],"wp:attachment":[{"href":"https:\/\/collectiflerevers.fr\/index.php?rest_route=%2Fwp%2Fv2%2Fmedia&parent=531"}],"curies":[{"name":"wp","href":"https:\/\/api.w.org\/{rel}","templated":true}]}}